{"id":114,"date":"2022-03-23T08:40:06","date_gmt":"2022-03-23T08:40:06","guid":{"rendered":"https:\/\/desarrollo.farmaceuticosdesevilla.es\/congresomehuer\/?page_id=114"},"modified":"2022-06-27T15:35:12","modified_gmt":"2022-06-27T15:35:12","slug":"congresosanteriores","status":"publish","type":"page","link":"https:\/\/www.farmaceuticosdesevilla.es\/congreso\/congresosanteriores\/","title":{"rendered":"Congresos anteriores"},"content":{"rendered":"<p><div id=\"icongreso\" class=\"fusion-container-anchor\"><div class=\"fusion-fullwidth fullwidth-box fusion-builder-row-1 fusion-flex-container nonhundred-percent-fullwidth non-hundred-percent-height-scrolling congresos\" style=\"--awb-border-radius-top-left:0px;--awb-border-radius-top-right:0px;--awb-border-radius-bottom-right:0px;--awb-border-radius-bottom-left:0px;--awb-margin-bottom:40px;--awb-flex-wrap:wrap;\" ><div class=\"fusion-builder-row fusion-row fusion-flex-align-items-flex-start fusion-flex-content-wrap\" style=\"max-width:1248px;margin-left: calc(-4% \/ 2 );margin-right: calc(-4% \/ 2 );\"><div class=\"fusion-layout-column fusion_builder_column fusion-builder-column-0 fusion_builder_column_1_1 1_1 fusion-flex-column\" style=\"--awb-bg-size:cover;--awb-width-large:100%;--awb-margin-top-large:0px;--awb-spacing-right-large:1.92%;--awb-margin-bottom-large:20px;--awb-spacing-left-large:1.92%;--awb-width-medium:100%;--awb-order-medium:0;--awb-spacing-right-medium:1.92%;--awb-spacing-left-medium:1.92%;--awb-width-small:100%;--awb-order-small:0;--awb-spacing-right-small:1.92%;--awb-spacing-left-small:1.92%;\"><div class=\"fusion-column-wrapper fusion-column-has-shadow fusion-flex-justify-content-flex-start fusion-content-layout-column\"><div class=\"fusion-title title fusion-title-1 sep-underline sep-solid fusion-title-text fusion-title-size-two\" style=\"--awb-text-color:var(--awb-color1);--awb-margin-bottom:0px;--awb-margin-top-small:10px;--awb-margin-right-small:0px;--awb-margin-bottom-small:10px;--awb-margin-left-small:0px;--awb-sep-color:var(--awb-color1);--awb-font-size:30px;\"><h2 class=\"fusion-title-heading title-heading-left fusion-responsive-typography-calculated\" style=\"margin:0;font-size:1em;--fontSize:30;--minFontSize:30;line-height:1.1;\">I CONGRESO<\/h2><\/div><\/div><\/div><div class=\"fusion-layout-column fusion_builder_column fusion-builder-column-1 fusion_builder_column_2_5 2_5 fusion-flex-column\" style=\"--awb-bg-size:cover;--awb-width-large:40%;--awb-margin-top-large:0px;--awb-spacing-right-large:4.8%;--awb-margin-bottom-large:20px;--awb-spacing-left-large:4.8%;--awb-width-medium:40%;--awb-order-medium:0;--awb-spacing-right-medium:4.8%;--awb-spacing-left-medium:4.8%;--awb-width-small:100%;--awb-order-small:0;--awb-spacing-right-small:1.92%;--awb-spacing-left-small:1.92%;\"><div class=\"fusion-column-wrapper fusion-column-has-shadow fusion-flex-justify-content-flex-start fusion-content-layout-column\"><div class=\"fusion-image-element \" style=\"text-align:center;--awb-max-width:100%;--awb-caption-title-font-family:var(--h2_typography-font-family);--awb-caption-title-font-weight:var(--h2_typography-font-weight);--awb-caption-title-font-style:var(--h2_typography-font-style);--awb-caption-title-size:var(--h2_typography-font-size);--awb-caption-title-transform:var(--h2_typography-text-transform);--awb-caption-title-line-height:var(--h2_typography-line-height);--awb-caption-title-letter-spacing:var(--h2_typography-letter-spacing);\"><span class=\" fusion-imageframe imageframe-none imageframe-1 hover-type-none\"><img decoding=\"async\" width=\"295\" height=\"295\" title=\"I_congreso_cartel\" src=\"https:\/\/www.farmaceuticosdesevilla.es\/congreso\/wp-content\/uploads\/sites\/4\/2022\/03\/I_congreso_cartel.jpg?_t=1648024769\" alt class=\"img-responsive wp-image-115\" srcset=\"https:\/\/www.farmaceuticosdesevilla.es\/congreso\/wp-content\/uploads\/sites\/4\/2022\/03\/I_congreso_cartel-200x200.jpg 200w, https:\/\/www.farmaceuticosdesevilla.es\/congreso\/wp-content\/uploads\/sites\/4\/2022\/03\/I_congreso_cartel.jpg 295w\" sizes=\"(max-width: 640px) 100vw, 295px\" \/><\/span><\/div><\/div><\/div><div class=\"fusion-layout-column fusion_builder_column fusion-builder-column-2 fusion_builder_column_3_5 3_5 fusion-flex-column\" style=\"--awb-bg-size:cover;--awb-width-large:60%;--awb-margin-top-large:0px;--awb-spacing-right-large:3.2%;--awb-margin-bottom-large:20px;--awb-spacing-left-large:3.2%;--awb-width-medium:60%;--awb-order-medium:0;--awb-spacing-right-medium:3.2%;--awb-spacing-left-medium:3.2%;--awb-width-small:100%;--awb-order-small:0;--awb-spacing-right-small:1.92%;--awb-spacing-left-small:1.92%;\"><div class=\"fusion-column-wrapper fusion-column-has-shadow fusion-flex-justify-content-flex-start fusion-content-layout-column\"><div class=\"fusion-title title fusion-title-2 fusion-sep-none fusion-title-text fusion-title-size-four\" style=\"--awb-text-color:var(--awb-color3);--awb-margin-top-small:10px;--awb-margin-right-small:0px;--awb-margin-bottom-small:10px;--awb-margin-left-small:0px;--awb-font-size:30px;\"><h4 class=\"fusion-title-heading title-heading-left fusion-responsive-typography-calculated\" style=\"margin:0;font-size:1em;--fontSize:30;--minFontSize:30;line-height:1.1;\">Lleg\u00f3 la hora de prestar mayor atenci\u00f3n a las enfermedades raras<\/h4><\/div><div class=\"fusion-text fusion-text-1\" style=\"--awb-text-transform:none;--awb-text-font-family:&quot;Roboto&quot;;--awb-text-font-style:normal;--awb-text-font-weight:400;\"><p>La primera edici\u00f3n del Congreso Internacional de Medicamentos Hu\u00e9rfanos y Enfermedades Raras tuvo lugar en Sevilla entre el 16 y el 19 de febrero del a\u00f1o 2000. Las diez mesas redondas que conformaron el programa de actividades dieron buena muestra de la vocaci\u00f3n internacional con la que nac\u00eda el encuentro, ya que cont\u00f3 con la presencia de destacados representantes de los principales organismos relacionados con la investigaci\u00f3n en patolog\u00edas de baja prevalencia y medicamentos hu\u00e9rfanos, caso del INSERM de Par\u00eds, el NORD (Organizaci\u00f3n Nacional de Enfermedades Raras) de Estados Unidos, el Centro de Enfermedades Raras de Copenhague (Dinamarca) o el Eurordis.<\/p>\n<p>De la mano de este primer encuentro se logr\u00f3 que el Estado destinara recursos econ\u00f3micos para el sector. Asimismo, tambi\u00e9n se consigui\u00f3 que las asociaciones de pacientes se convirtieran en elementos imprescindibles en la gesti\u00f3n y el control de los programas sanitarios, asistenciales y de investigaci\u00f3n.<\/p>\n<\/div><div class='w3eden'><!-- WPDM Link Template: Default Template -->\r\n\r\n<div class=\"link-template-default card mb-2\">\r\n    <div class=\"card-body\">\r\n        <div class=\"media\">\r\n            <div class=\"mr-3 img-48\"><img decoding=\"async\" class=\"wpdm_icon\" alt=\"Icono\" src=\"https:\/\/www.farmaceuticosdesevilla.es\/congreso\/wp-content\/plugins\/download-manager\/assets\/file-type-icons\/pdf.svg\" \/><\/div>\r\n            <div class=\"media-body\">\r\n                <h3 class=\"package-title\"><a href=\"https:\/\/www.farmaceuticosdesevilla.es\/congreso\/download\/programa-cientifico-i-congreso\/?wpdmdl=204&refresh=69f374399b7be1777562681\" target=\"_blank\">Programa Cient\u00edfico I Congreso<\/a><\/h3>\r\n                <div class=\"text-muted text-small\"><i class=\"fas fa-hdd\"><\/i> 696.24 KB<\/div>\r\n            <\/div>\r\n        <\/div>\r\n    <\/div>\r\n<\/div>\r\n\r\n<\/div><\/div><\/div><\/div><\/div><\/div><div id=\"iicongreso\" class=\"fusion-container-anchor\"><div class=\"fusion-fullwidth fullwidth-box fusion-builder-row-2 fusion-flex-container nonhundred-percent-fullwidth non-hundred-percent-height-scrolling congresos\" style=\"--awb-border-radius-top-left:0px;--awb-border-radius-top-right:0px;--awb-border-radius-bottom-right:0px;--awb-border-radius-bottom-left:0px;--awb-margin-bottom:40px;--awb-flex-wrap:wrap;\" ><div class=\"fusion-builder-row fusion-row fusion-flex-align-items-flex-start fusion-flex-content-wrap\" style=\"max-width:1248px;margin-left: calc(-4% \/ 2 );margin-right: calc(-4% \/ 2 );\"><div class=\"fusion-layout-column fusion_builder_column fusion-builder-column-3 fusion_builder_column_1_1 1_1 fusion-flex-column\" style=\"--awb-bg-size:cover;--awb-width-large:100%;--awb-margin-top-large:0px;--awb-spacing-right-large:1.92%;--awb-margin-bottom-large:20px;--awb-spacing-left-large:1.92%;--awb-width-medium:100%;--awb-order-medium:0;--awb-spacing-right-medium:1.92%;--awb-spacing-left-medium:1.92%;--awb-width-small:100%;--awb-order-small:0;--awb-spacing-right-small:1.92%;--awb-spacing-left-small:1.92%;\"><div class=\"fusion-column-wrapper fusion-column-has-shadow fusion-flex-justify-content-flex-start fusion-content-layout-column\"><div class=\"fusion-title title fusion-title-3 sep-underline sep-solid fusion-title-text fusion-title-size-two\" style=\"--awb-text-color:var(--awb-color1);--awb-margin-bottom:0px;--awb-margin-top-small:10px;--awb-margin-right-small:0px;--awb-margin-bottom-small:10px;--awb-margin-left-small:0px;--awb-sep-color:var(--awb-color1);--awb-font-size:30px;\"><h2 class=\"fusion-title-heading title-heading-left fusion-responsive-typography-calculated\" style=\"margin:0;font-size:1em;--fontSize:30;--minFontSize:30;line-height:1.1;\">II CONGRESO<\/h2><\/div><\/div><\/div><div class=\"fusion-layout-column fusion_builder_column fusion-builder-column-4 fusion_builder_column_2_5 2_5 fusion-flex-column\" style=\"--awb-bg-size:cover;--awb-width-large:40%;--awb-margin-top-large:0px;--awb-spacing-right-large:4.8%;--awb-margin-bottom-large:20px;--awb-spacing-left-large:4.8%;--awb-width-medium:40%;--awb-order-medium:0;--awb-spacing-right-medium:4.8%;--awb-spacing-left-medium:4.8%;--awb-width-small:100%;--awb-order-small:0;--awb-spacing-right-small:1.92%;--awb-spacing-left-small:1.92%;\"><div class=\"fusion-column-wrapper fusion-column-has-shadow fusion-flex-justify-content-flex-start fusion-content-layout-column\"><div class=\"fusion-image-element \" style=\"text-align:center;--awb-max-width:100%;--awb-caption-title-font-family:var(--h2_typography-font-family);--awb-caption-title-font-weight:var(--h2_typography-font-weight);--awb-caption-title-font-style:var(--h2_typography-font-style);--awb-caption-title-size:var(--h2_typography-font-size);--awb-caption-title-transform:var(--h2_typography-text-transform);--awb-caption-title-line-height:var(--h2_typography-line-height);--awb-caption-title-letter-spacing:var(--h2_typography-letter-spacing);\"><span class=\" fusion-imageframe imageframe-none imageframe-2 hover-type-none\"><img decoding=\"async\" width=\"295\" height=\"618\" title=\"II_congreso_cartel\" src=\"https:\/\/www.farmaceuticosdesevilla.es\/congreso\/wp-content\/uploads\/sites\/4\/2022\/03\/II_congreso_cartel.jpg?_t=1648024944\" alt class=\"img-responsive wp-image-116\" srcset=\"https:\/\/www.farmaceuticosdesevilla.es\/congreso\/wp-content\/uploads\/sites\/4\/2022\/03\/II_congreso_cartel-200x419.jpg 200w, https:\/\/www.farmaceuticosdesevilla.es\/congreso\/wp-content\/uploads\/sites\/4\/2022\/03\/II_congreso_cartel.jpg 295w\" sizes=\"(max-width: 640px) 100vw, 295px\" \/><\/span><\/div><\/div><\/div><div class=\"fusion-layout-column fusion_builder_column fusion-builder-column-5 fusion_builder_column_3_5 3_5 fusion-flex-column\" style=\"--awb-bg-size:cover;--awb-width-large:60%;--awb-margin-top-large:0px;--awb-spacing-right-large:3.2%;--awb-margin-bottom-large:20px;--awb-spacing-left-large:3.2%;--awb-width-medium:60%;--awb-order-medium:0;--awb-spacing-right-medium:3.2%;--awb-spacing-left-medium:3.2%;--awb-width-small:100%;--awb-order-small:0;--awb-spacing-right-small:1.92%;--awb-spacing-left-small:1.92%;\"><div class=\"fusion-column-wrapper fusion-column-has-shadow fusion-flex-justify-content-flex-start fusion-content-layout-column\"><div class=\"fusion-title title fusion-title-4 fusion-sep-none fusion-title-text fusion-title-size-four\" style=\"--awb-text-color:var(--awb-color3);--awb-margin-top-small:10px;--awb-margin-right-small:0px;--awb-margin-bottom-small:10px;--awb-margin-left-small:0px;--awb-font-size:30px;\"><h4 class=\"fusion-title-heading title-heading-left fusion-responsive-typography-calculated\" style=\"margin:0;font-size:1em;--fontSize:30;--minFontSize:30;line-height:1.1;\">La constataci\u00f3n de una mejor atenci\u00f3n a las enfermedades raras<\/h4><\/div><div class=\"fusion-text fusion-text-2\" style=\"--awb-text-transform:none;--awb-text-font-family:&quot;Roboto&quot;;--awb-text-font-style:normal;--awb-text-font-weight:400;\"><p>De la mano del II Congreso Internacional de Medicamentos Hu\u00e9rfanos y Enfermedades, celebrado entre el 18 y 21 de febrero de 2004, se pudieron constatar algunas mejoras conseguidas, tanto en el \u00e1mbito de las prestaciones sociales como en la investigaci\u00f3n de procedimientos diagn\u00f3sticos y terap\u00e9uticos, en el campo de las enfermedades raras respecto al anterior encuentro, celebrado cuatro a\u00f1os atr\u00e1s. Tras una interesante conferencia inaugural de Santiago Grisol\u00eda en la que abord\u00f3 las posibilidades de aplicaci\u00f3n de las c\u00e9lulas madres al \u00e1mbito de las patolog\u00edas de baja prevalencia, se analizaron las medidas llevadas a cabo por la Uni\u00f3n Europea y el Estado en los \u00faltimos cuatro a\u00f1os en este campo, se debati\u00f3 sobre bio\u00e9tica y enfermedades raras para concluir conociendo los \u00faltimos avances en la atenci\u00f3n a los pacientes as\u00ed como las principales necesidades que \u00e9stos solicitaban que quedaran cubiertas.<\/p>\n<\/div><div class='w3eden'><!-- WPDM Link Template: Default Template -->\r\n\r\n<div class=\"link-template-default card mb-2\">\r\n    <div class=\"card-body\">\r\n        <div class=\"media\">\r\n            <div class=\"mr-3 img-48\"><img decoding=\"async\" class=\"wpdm_icon\" alt=\"Icono\" src=\"https:\/\/www.farmaceuticosdesevilla.es\/congreso\/wp-content\/plugins\/download-manager\/assets\/file-type-icons\/pdf.svg\" \/><\/div>\r\n            <div class=\"media-body\">\r\n                <h3 class=\"package-title\"><a href=\"https:\/\/www.farmaceuticosdesevilla.es\/congreso\/download\/programa-cientifico-ii-congreso\/?wpdmdl=205&refresh=69f37439c3b121777562681\" target=\"_blank\">Programa Cient\u00edfico II Congreso<\/a><\/h3>\r\n                <div class=\"text-muted text-small\"><i class=\"fas fa-hdd\"><\/i> 1.30 MB<\/div>\r\n            <\/div>\r\n        <\/div>\r\n    <\/div>\r\n<\/div>\r\n\r\n<\/div><\/div><\/div><\/div><\/div><\/div><div id=\"iiicongreso\" class=\"fusion-container-anchor\"><div class=\"fusion-fullwidth fullwidth-box fusion-builder-row-3 fusion-flex-container nonhundred-percent-fullwidth non-hundred-percent-height-scrolling congresos\" style=\"--awb-border-radius-top-left:0px;--awb-border-radius-top-right:0px;--awb-border-radius-bottom-right:0px;--awb-border-radius-bottom-left:0px;--awb-margin-bottom:40px;--awb-flex-wrap:wrap;\" ><div class=\"fusion-builder-row fusion-row fusion-flex-align-items-flex-start fusion-flex-content-wrap\" style=\"max-width:1248px;margin-left: calc(-4% \/ 2 );margin-right: calc(-4% \/ 2 );\"><div class=\"fusion-layout-column fusion_builder_column fusion-builder-column-6 fusion_builder_column_1_1 1_1 fusion-flex-column\" style=\"--awb-bg-size:cover;--awb-width-large:100%;--awb-margin-top-large:0px;--awb-spacing-right-large:1.92%;--awb-margin-bottom-large:20px;--awb-spacing-left-large:1.92%;--awb-width-medium:100%;--awb-order-medium:0;--awb-spacing-right-medium:1.92%;--awb-spacing-left-medium:1.92%;--awb-width-small:100%;--awb-order-small:0;--awb-spacing-right-small:1.92%;--awb-spacing-left-small:1.92%;\"><div class=\"fusion-column-wrapper fusion-column-has-shadow fusion-flex-justify-content-flex-start fusion-content-layout-column\"><div class=\"fusion-title title fusion-title-5 sep-underline sep-solid fusion-title-text fusion-title-size-two\" style=\"--awb-text-color:var(--awb-color1);--awb-margin-bottom:0px;--awb-margin-top-small:10px;--awb-margin-right-small:0px;--awb-margin-bottom-small:10px;--awb-margin-left-small:0px;--awb-sep-color:var(--awb-color1);--awb-font-size:30px;\"><h2 class=\"fusion-title-heading title-heading-left fusion-responsive-typography-calculated\" style=\"margin:0;font-size:1em;--fontSize:30;--minFontSize:30;line-height:1.1;\">III CONGRESO<\/h2><\/div><\/div><\/div><div class=\"fusion-layout-column fusion_builder_column fusion-builder-column-7 fusion_builder_column_2_5 2_5 fusion-flex-column\" style=\"--awb-bg-size:cover;--awb-width-large:40%;--awb-margin-top-large:0px;--awb-spacing-right-large:4.8%;--awb-margin-bottom-large:20px;--awb-spacing-left-large:4.8%;--awb-width-medium:40%;--awb-order-medium:0;--awb-spacing-right-medium:4.8%;--awb-spacing-left-medium:4.8%;--awb-width-small:100%;--awb-order-small:0;--awb-spacing-right-small:1.92%;--awb-spacing-left-small:1.92%;\"><div class=\"fusion-column-wrapper fusion-column-has-shadow fusion-flex-justify-content-flex-start fusion-content-layout-column\"><div class=\"fusion-image-element \" style=\"text-align:center;--awb-max-width:100%;--awb-caption-title-font-family:var(--h2_typography-font-family);--awb-caption-title-font-weight:var(--h2_typography-font-weight);--awb-caption-title-font-style:var(--h2_typography-font-style);--awb-caption-title-size:var(--h2_typography-font-size);--awb-caption-title-transform:var(--h2_typography-text-transform);--awb-caption-title-line-height:var(--h2_typography-line-height);--awb-caption-title-letter-spacing:var(--h2_typography-letter-spacing);\"><span class=\" fusion-imageframe imageframe-none imageframe-3 hover-type-none\"><img decoding=\"async\" width=\"295\" height=\"417\" title=\"III_congreso_cartel\" src=\"https:\/\/www.farmaceuticosdesevilla.es\/congreso\/wp-content\/uploads\/sites\/4\/2022\/03\/III_congreso_cartel.jpg?_t=1648025724\" alt class=\"img-responsive wp-image-117\" srcset=\"https:\/\/www.farmaceuticosdesevilla.es\/congreso\/wp-content\/uploads\/sites\/4\/2022\/03\/III_congreso_cartel-200x283.jpg 200w, https:\/\/www.farmaceuticosdesevilla.es\/congreso\/wp-content\/uploads\/sites\/4\/2022\/03\/III_congreso_cartel.jpg 295w\" sizes=\"(max-width: 640px) 100vw, 295px\" \/><\/span><\/div><\/div><\/div><div class=\"fusion-layout-column fusion_builder_column fusion-builder-column-8 fusion_builder_column_3_5 3_5 fusion-flex-column\" style=\"--awb-bg-size:cover;--awb-width-large:60%;--awb-margin-top-large:0px;--awb-spacing-right-large:3.2%;--awb-margin-bottom-large:20px;--awb-spacing-left-large:3.2%;--awb-width-medium:60%;--awb-order-medium:0;--awb-spacing-right-medium:3.2%;--awb-spacing-left-medium:3.2%;--awb-width-small:100%;--awb-order-small:0;--awb-spacing-right-small:1.92%;--awb-spacing-left-small:1.92%;\"><div class=\"fusion-column-wrapper fusion-column-has-shadow fusion-flex-justify-content-flex-start fusion-content-layout-column\"><div class=\"fusion-title title fusion-title-6 fusion-sep-none fusion-title-text fusion-title-size-four\" style=\"--awb-text-color:var(--awb-color3);--awb-margin-top-small:10px;--awb-margin-right-small:0px;--awb-margin-bottom-small:10px;--awb-margin-left-small:0px;--awb-font-size:30px;\"><h4 class=\"fusion-title-heading title-heading-left fusion-responsive-typography-calculated\" style=\"margin:0;font-size:1em;--fontSize:30;--minFontSize:30;line-height:1.1;\">La Administraci\u00f3n y la sociedad consolidan su implicaci\u00f3n<\/h4><\/div><div class=\"fusion-text fusion-text-3\" style=\"--awb-text-transform:none;--awb-text-font-family:&quot;Roboto&quot;;--awb-text-font-style:normal;--awb-text-font-weight:400;\"><p>La tercera edici\u00f3n del Congreso Internacional de Medicamentos Hu\u00e9rfanos y Enfermedades Raras, celebrado en la capital hispalense entre el 14 y 17 de febrero de 2007, sirvi\u00f3 para ofrecer panor\u00e1mica precisa y rigurosa de la situaci\u00f3n en dicho momento de la investigaci\u00f3n sobre las enfermedades raras y su tratamiento, observ\u00e1ndose una evoluci\u00f3n de las prestaciones sociales para atender las demandas y necesidades de este colectivo de pacientes.<\/p>\n<p>Este encuentro sirvi\u00f3 tambi\u00e9n para consolidar la implicaci\u00f3n de la Administraci\u00f3n y de la sociedad en general en la problem\u00e1tica que viven las personas afectadas por estas patolog\u00edas, as\u00ed como para poner de relieve las demandas m\u00e1s importantes que deb\u00eda atender la Sanidad p\u00fablica.<\/p>\n<\/div><div class='w3eden'><!-- WPDM Link Template: Default Template -->\r\n\r\n<div class=\"link-template-default card mb-2\">\r\n    <div class=\"card-body\">\r\n        <div class=\"media\">\r\n            <div class=\"mr-3 img-48\"><img decoding=\"async\" class=\"wpdm_icon\" alt=\"Icono\" src=\"https:\/\/www.farmaceuticosdesevilla.es\/congreso\/wp-content\/plugins\/download-manager\/assets\/file-type-icons\/pdf.svg\" \/><\/div>\r\n            <div class=\"media-body\">\r\n                <h3 class=\"package-title\"><a href=\"https:\/\/www.farmaceuticosdesevilla.es\/congreso\/download\/programa-cientifico-iii-congreso\/?wpdmdl=206&refresh=69f37439ee7661777562681\" target=\"_blank\">Programa Cient\u00edfico III Congreso<\/a><\/h3>\r\n                <div class=\"text-muted text-small\"><i class=\"fas fa-hdd\"><\/i> 1.80 MB<\/div>\r\n            <\/div>\r\n        <\/div>\r\n    <\/div>\r\n<\/div>\r\n\r\n<\/div><\/div><\/div><\/div><\/div><\/div><div id=\"ivcongreso\" class=\"fusion-container-anchor\"><div class=\"fusion-fullwidth fullwidth-box fusion-builder-row-4 fusion-flex-container nonhundred-percent-fullwidth non-hundred-percent-height-scrolling congresos\" style=\"--awb-border-radius-top-left:0px;--awb-border-radius-top-right:0px;--awb-border-radius-bottom-right:0px;--awb-border-radius-bottom-left:0px;--awb-margin-bottom:40px;--awb-flex-wrap:wrap;\" ><div class=\"fusion-builder-row fusion-row fusion-flex-align-items-flex-start fusion-flex-content-wrap\" style=\"max-width:1248px;margin-left: calc(-4% \/ 2 );margin-right: calc(-4% \/ 2 );\"><div class=\"fusion-layout-column fusion_builder_column fusion-builder-column-9 fusion_builder_column_1_1 1_1 fusion-flex-column\" style=\"--awb-bg-size:cover;--awb-width-large:100%;--awb-margin-top-large:0px;--awb-spacing-right-large:1.92%;--awb-margin-bottom-large:20px;--awb-spacing-left-large:1.92%;--awb-width-medium:100%;--awb-order-medium:0;--awb-spacing-right-medium:1.92%;--awb-spacing-left-medium:1.92%;--awb-width-small:100%;--awb-order-small:0;--awb-spacing-right-small:1.92%;--awb-spacing-left-small:1.92%;\"><div class=\"fusion-column-wrapper fusion-column-has-shadow fusion-flex-justify-content-flex-start fusion-content-layout-column\"><div class=\"fusion-title title fusion-title-7 sep-underline sep-solid fusion-title-text fusion-title-size-two\" style=\"--awb-text-color:var(--awb-color1);--awb-margin-bottom:0px;--awb-margin-top-small:10px;--awb-margin-right-small:0px;--awb-margin-bottom-small:10px;--awb-margin-left-small:0px;--awb-sep-color:var(--awb-color1);--awb-font-size:30px;\"><h2 class=\"fusion-title-heading title-heading-left fusion-responsive-typography-calculated\" style=\"margin:0;font-size:1em;--fontSize:30;--minFontSize:30;line-height:1.1;\">IV CONGRESO<\/h2><\/div><\/div><\/div><div class=\"fusion-layout-column fusion_builder_column fusion-builder-column-10 fusion_builder_column_2_5 2_5 fusion-flex-column\" style=\"--awb-bg-size:cover;--awb-width-large:40%;--awb-margin-top-large:0px;--awb-spacing-right-large:4.8%;--awb-margin-bottom-large:20px;--awb-spacing-left-large:4.8%;--awb-width-medium:40%;--awb-order-medium:0;--awb-spacing-right-medium:4.8%;--awb-spacing-left-medium:4.8%;--awb-width-small:100%;--awb-order-small:0;--awb-spacing-right-small:1.92%;--awb-spacing-left-small:1.92%;\"><div class=\"fusion-column-wrapper fusion-column-has-shadow fusion-flex-justify-content-flex-start fusion-content-layout-column\"><div class=\"fusion-image-element \" style=\"text-align:center;--awb-max-width:100%;--awb-caption-title-font-family:var(--h2_typography-font-family);--awb-caption-title-font-weight:var(--h2_typography-font-weight);--awb-caption-title-font-style:var(--h2_typography-font-style);--awb-caption-title-size:var(--h2_typography-font-size);--awb-caption-title-transform:var(--h2_typography-text-transform);--awb-caption-title-line-height:var(--h2_typography-line-height);--awb-caption-title-letter-spacing:var(--h2_typography-letter-spacing);\"><span class=\" fusion-imageframe imageframe-none imageframe-4 hover-type-none\"><img decoding=\"async\" width=\"295\" height=\"416\" title=\"IV_congreso_cartel\" src=\"https:\/\/www.farmaceuticosdesevilla.es\/congreso\/wp-content\/uploads\/sites\/4\/2022\/03\/IV_congreso_cartel.jpg?_t=1648025782\" alt class=\"img-responsive wp-image-118\" srcset=\"https:\/\/www.farmaceuticosdesevilla.es\/congreso\/wp-content\/uploads\/sites\/4\/2022\/03\/IV_congreso_cartel-200x282.jpg 200w, https:\/\/www.farmaceuticosdesevilla.es\/congreso\/wp-content\/uploads\/sites\/4\/2022\/03\/IV_congreso_cartel.jpg 295w\" sizes=\"(max-width: 640px) 100vw, 295px\" \/><\/span><\/div><\/div><\/div><div class=\"fusion-layout-column fusion_builder_column fusion-builder-column-11 fusion_builder_column_3_5 3_5 fusion-flex-column\" style=\"--awb-bg-size:cover;--awb-width-large:60%;--awb-margin-top-large:0px;--awb-spacing-right-large:3.2%;--awb-margin-bottom-large:20px;--awb-spacing-left-large:3.2%;--awb-width-medium:60%;--awb-order-medium:0;--awb-spacing-right-medium:3.2%;--awb-spacing-left-medium:3.2%;--awb-width-small:100%;--awb-order-small:0;--awb-spacing-right-small:1.92%;--awb-spacing-left-small:1.92%;\"><div class=\"fusion-column-wrapper fusion-column-has-shadow fusion-flex-justify-content-flex-start fusion-content-layout-column\"><div class=\"fusion-title title fusion-title-8 fusion-sep-none fusion-title-text fusion-title-size-four\" style=\"--awb-text-color:var(--awb-color3);--awb-margin-top-small:10px;--awb-margin-right-small:0px;--awb-margin-bottom-small:10px;--awb-margin-left-small:0px;--awb-font-size:30px;\"><h4 class=\"fusion-title-heading title-heading-left fusion-responsive-typography-calculated\" style=\"margin:0;font-size:1em;--fontSize:30;--minFontSize:30;line-height:1.1;\">Una cita destinada a reforzar la formaci\u00f3n cient\u00edfica en enfermedades raras<\/h4><\/div><div class=\"fusion-text fusion-text-4\" style=\"--awb-text-transform:none;--awb-text-font-family:&quot;Roboto&quot;;--awb-text-font-style:normal;--awb-text-font-weight:400;\"><p>La cuarta edici\u00f3n del Congreso Internacional de Medicamentos Hu\u00e9rfanos y Enfermedades Raras (19-21 de febrero de 2009) se dise\u00f1\u00f3 con la clara intenci\u00f3n de ofrecer una mejor formaci\u00f3n cient\u00edfica sobre las enfermedades raras y su incidencia en el entorno sanitario espa\u00f1ol e internacional.<\/p>\n<p>Este encuentro sirvi\u00f3 para actualizar el concepto existente sobre el medicamento hu\u00e9rfano y se puso de manifiesto, una vez m\u00e1s, la realidad personal y la problem\u00e1tica familiar, social y sanitaria, de los afectados, familiares y cuidadores, mostrando los avances en estos campos durante la d\u00e9cada transcurrida desde la celebraci\u00f3n de la primera edici\u00f3n.<\/p>\n<p>En esta edici\u00f3n hubo mesas espec\u00edficas para conocer la percepci\u00f3n que de las enfermedades raras y sus tratamientos ten\u00edan la industria farmac\u00e9utica y los profesionales sanitarios, as\u00ed como la legislaci\u00f3n aplicada a este respecto tanto en los Estados Unidos como en Europa.<\/p>\n<\/div><div class='w3eden'><!-- WPDM Link Template: Default Template -->\r\n\r\n<div class=\"link-template-default card mb-2\">\r\n    <div class=\"card-body\">\r\n        <div class=\"media\">\r\n            <div class=\"mr-3 img-48\"><img decoding=\"async\" class=\"wpdm_icon\" alt=\"Icono\" src=\"https:\/\/www.farmaceuticosdesevilla.es\/congreso\/wp-content\/plugins\/download-manager\/assets\/file-type-icons\/pdf.svg\" \/><\/div>\r\n            <div class=\"media-body\">\r\n                <h3 class=\"package-title\"><a href=\"https:\/\/www.farmaceuticosdesevilla.es\/congreso\/download\/programa-cientifico-iv-congreso\/?wpdmdl=207&refresh=69f3743a24d341777562682\" target=\"_blank\">Programa Cient\u00edfico IV Congreso<\/a><\/h3>\r\n                <div class=\"text-muted text-small\"><i class=\"fas fa-hdd\"><\/i> 4.74 MB<\/div>\r\n            <\/div>\r\n        <\/div>\r\n    <\/div>\r\n<\/div>\r\n\r\n<\/div><\/div><\/div><\/div><\/div><\/div><div id=\"vcongreso\" class=\"fusion-container-anchor\"><div class=\"fusion-fullwidth fullwidth-box fusion-builder-row-5 fusion-flex-container nonhundred-percent-fullwidth non-hundred-percent-height-scrolling congresos\" style=\"--awb-border-radius-top-left:0px;--awb-border-radius-top-right:0px;--awb-border-radius-bottom-right:0px;--awb-border-radius-bottom-left:0px;--awb-margin-bottom:40px;--awb-flex-wrap:wrap;\" ><div class=\"fusion-builder-row fusion-row fusion-flex-align-items-flex-start fusion-flex-content-wrap\" style=\"max-width:1248px;margin-left: calc(-4% \/ 2 );margin-right: calc(-4% \/ 2 );\"><div class=\"fusion-layout-column fusion_builder_column fusion-builder-column-12 fusion_builder_column_1_1 1_1 fusion-flex-column\" style=\"--awb-bg-size:cover;--awb-width-large:100%;--awb-margin-top-large:0px;--awb-spacing-right-large:1.92%;--awb-margin-bottom-large:20px;--awb-spacing-left-large:1.92%;--awb-width-medium:100%;--awb-order-medium:0;--awb-spacing-right-medium:1.92%;--awb-spacing-left-medium:1.92%;--awb-width-small:100%;--awb-order-small:0;--awb-spacing-right-small:1.92%;--awb-spacing-left-small:1.92%;\"><div class=\"fusion-column-wrapper fusion-column-has-shadow fusion-flex-justify-content-flex-start fusion-content-layout-column\"><div class=\"fusion-title title fusion-title-9 sep-underline sep-solid fusion-title-text fusion-title-size-two\" style=\"--awb-text-color:var(--awb-color1);--awb-margin-bottom:0px;--awb-margin-top-small:10px;--awb-margin-right-small:0px;--awb-margin-bottom-small:10px;--awb-margin-left-small:0px;--awb-sep-color:var(--awb-color1);--awb-font-size:30px;\"><h2 class=\"fusion-title-heading title-heading-left fusion-responsive-typography-calculated\" style=\"margin:0;font-size:1em;--fontSize:30;--minFontSize:30;line-height:1.1;\">V CONGRESO<\/h2><\/div><\/div><\/div><div class=\"fusion-layout-column fusion_builder_column fusion-builder-column-13 fusion_builder_column_2_5 2_5 fusion-flex-column\" style=\"--awb-bg-size:cover;--awb-width-large:40%;--awb-margin-top-large:0px;--awb-spacing-right-large:4.8%;--awb-margin-bottom-large:20px;--awb-spacing-left-large:4.8%;--awb-width-medium:40%;--awb-order-medium:0;--awb-spacing-right-medium:4.8%;--awb-spacing-left-medium:4.8%;--awb-width-small:100%;--awb-order-small:0;--awb-spacing-right-small:1.92%;--awb-spacing-left-small:1.92%;\"><div class=\"fusion-column-wrapper fusion-column-has-shadow fusion-flex-justify-content-flex-start fusion-content-layout-column\"><div class=\"fusion-image-element \" style=\"text-align:center;--awb-max-width:100%;--awb-caption-title-font-family:var(--h2_typography-font-family);--awb-caption-title-font-weight:var(--h2_typography-font-weight);--awb-caption-title-font-style:var(--h2_typography-font-style);--awb-caption-title-size:var(--h2_typography-font-size);--awb-caption-title-transform:var(--h2_typography-text-transform);--awb-caption-title-line-height:var(--h2_typography-line-height);--awb-caption-title-letter-spacing:var(--h2_typography-letter-spacing);\"><span class=\" fusion-imageframe imageframe-none imageframe-5 hover-type-none\"><img decoding=\"async\" width=\"295\" height=\"419\" title=\"V_congreso_cartel\" src=\"https:\/\/www.farmaceuticosdesevilla.es\/congreso\/wp-content\/uploads\/sites\/4\/2022\/03\/V_congreso_cartel.jpg?_t=1648025831\" alt class=\"img-responsive wp-image-119\" srcset=\"https:\/\/www.farmaceuticosdesevilla.es\/congreso\/wp-content\/uploads\/sites\/4\/2022\/03\/V_congreso_cartel-200x284.jpg 200w, https:\/\/www.farmaceuticosdesevilla.es\/congreso\/wp-content\/uploads\/sites\/4\/2022\/03\/V_congreso_cartel.jpg 295w\" sizes=\"(max-width: 640px) 100vw, 295px\" \/><\/span><\/div><\/div><\/div><div class=\"fusion-layout-column fusion_builder_column fusion-builder-column-14 fusion_builder_column_3_5 3_5 fusion-flex-column\" style=\"--awb-bg-size:cover;--awb-width-large:60%;--awb-margin-top-large:0px;--awb-spacing-right-large:3.2%;--awb-margin-bottom-large:20px;--awb-spacing-left-large:3.2%;--awb-width-medium:60%;--awb-order-medium:0;--awb-spacing-right-medium:3.2%;--awb-spacing-left-medium:3.2%;--awb-width-small:100%;--awb-order-small:0;--awb-spacing-right-small:1.92%;--awb-spacing-left-small:1.92%;\"><div class=\"fusion-column-wrapper fusion-column-has-shadow fusion-flex-justify-content-flex-start fusion-content-layout-column\"><div class=\"fusion-title title fusion-title-10 fusion-sep-none fusion-title-text fusion-title-size-four\" style=\"--awb-text-color:var(--awb-color3);--awb-margin-top-small:10px;--awb-margin-right-small:0px;--awb-margin-bottom-small:10px;--awb-margin-left-small:0px;--awb-font-size:30px;\"><h4 class=\"fusion-title-heading title-heading-left fusion-responsive-typography-calculated\" style=\"margin:0;font-size:1em;--fontSize:30;--minFontSize:30;line-height:1.1;\">Nace la Fundaci\u00f3n Mehuer<\/h4><\/div><div class=\"fusion-text fusion-text-5\" style=\"--awb-text-transform:none;--awb-text-font-family:&quot;Roboto&quot;;--awb-text-font-style:normal;--awb-text-font-weight:400;\"><p>El V Congreso Internacional de Medicamentos Hu\u00e9rfanos y Enfermedades Raras trajo consigo un nacimiento: el de la Fundaci\u00f3n Mehuer, \u00f3rgano desde el que el Colegio de Farmac\u00e9uticos de Sevilla, promotor junto a FEDER de este encuentro, art\u00edculo sus acciones en beneficio de la investigaci\u00f3n y divulgaci\u00f3n en torno a las enfermedades raras.<\/p>\n<p>Entre otros temas de inter\u00e9s, aparte de conocer de primera mano el testimonio de pacientes y profesionales relacionados con el tratamiento de estas patolog\u00edas, se abord\u00f3 la labor de los centros de referencia, las desigualdades existentes en la atenci\u00f3n de estas enfermedades as\u00ed como las distintas acciones, tanto desde la pol\u00edtica europea como desde las entidades espa\u00f1olas, destinadas a ofrecer una mayor calidad de vida a los pacientes de enfermedades raras.<\/p>\n<\/div><div class='w3eden'><!-- WPDM Link Template: Default Template -->\r\n\r\n<div class=\"link-template-default card mb-2\">\r\n    <div class=\"card-body\">\r\n        <div class=\"media\">\r\n            <div class=\"mr-3 img-48\"><img decoding=\"async\" class=\"wpdm_icon\" alt=\"Icono\" src=\"https:\/\/www.farmaceuticosdesevilla.es\/congreso\/wp-content\/plugins\/download-manager\/assets\/file-type-icons\/pdf.svg\" \/><\/div>\r\n            <div class=\"media-body\">\r\n                <h3 class=\"package-title\"><a href=\"https:\/\/www.farmaceuticosdesevilla.es\/congreso\/download\/programa-cientifico-v-congreso\/?wpdmdl=208&refresh=69f3743a514b71777562682\" target=\"_blank\">Programa Cient\u00edfico V Congreso<\/a><\/h3>\r\n                <div class=\"text-muted text-small\"><i class=\"fas fa-hdd\"><\/i> 4.00 MB<\/div>\r\n            <\/div>\r\n        <\/div>\r\n    <\/div>\r\n<\/div>\r\n\r\n<\/div><\/div><\/div><\/div><\/div><\/div><div id=\"vicongreso\" class=\"fusion-container-anchor\"><div class=\"fusion-fullwidth fullwidth-box fusion-builder-row-6 fusion-flex-container nonhundred-percent-fullwidth non-hundred-percent-height-scrolling congresos\" style=\"--awb-border-radius-top-left:0px;--awb-border-radius-top-right:0px;--awb-border-radius-bottom-right:0px;--awb-border-radius-bottom-left:0px;--awb-margin-bottom:40px;--awb-flex-wrap:wrap;\" ><div class=\"fusion-builder-row fusion-row fusion-flex-align-items-flex-start fusion-flex-content-wrap\" style=\"max-width:1248px;margin-left: calc(-4% \/ 2 );margin-right: calc(-4% \/ 2 );\"><div class=\"fusion-layout-column fusion_builder_column fusion-builder-column-15 fusion_builder_column_1_1 1_1 fusion-flex-column\" style=\"--awb-bg-size:cover;--awb-width-large:100%;--awb-margin-top-large:0px;--awb-spacing-right-large:1.92%;--awb-margin-bottom-large:20px;--awb-spacing-left-large:1.92%;--awb-width-medium:100%;--awb-order-medium:0;--awb-spacing-right-medium:1.92%;--awb-spacing-left-medium:1.92%;--awb-width-small:100%;--awb-order-small:0;--awb-spacing-right-small:1.92%;--awb-spacing-left-small:1.92%;\"><div class=\"fusion-column-wrapper fusion-column-has-shadow fusion-flex-justify-content-flex-start fusion-content-layout-column\"><div class=\"fusion-title title fusion-title-11 sep-underline sep-solid fusion-title-text fusion-title-size-two\" style=\"--awb-text-color:var(--awb-color1);--awb-margin-bottom:0px;--awb-margin-top-small:10px;--awb-margin-right-small:0px;--awb-margin-bottom-small:10px;--awb-margin-left-small:0px;--awb-sep-color:var(--awb-color1);--awb-font-size:30px;\"><h2 class=\"fusion-title-heading title-heading-left fusion-responsive-typography-calculated\" style=\"margin:0;font-size:1em;--fontSize:30;--minFontSize:30;line-height:1.1;\">VI CONGRESO<\/h2><\/div><\/div><\/div><div class=\"fusion-layout-column fusion_builder_column fusion-builder-column-16 fusion_builder_column_2_5 2_5 fusion-flex-column\" style=\"--awb-bg-size:cover;--awb-width-large:40%;--awb-margin-top-large:0px;--awb-spacing-right-large:4.8%;--awb-margin-bottom-large:20px;--awb-spacing-left-large:4.8%;--awb-width-medium:40%;--awb-order-medium:0;--awb-spacing-right-medium:4.8%;--awb-spacing-left-medium:4.8%;--awb-width-small:100%;--awb-order-small:0;--awb-spacing-right-small:1.92%;--awb-spacing-left-small:1.92%;\"><div class=\"fusion-column-wrapper fusion-column-has-shadow fusion-flex-justify-content-flex-start fusion-content-layout-column\"><div class=\"fusion-image-element \" style=\"text-align:center;--awb-max-width:100%;--awb-caption-title-font-family:var(--h2_typography-font-family);--awb-caption-title-font-weight:var(--h2_typography-font-weight);--awb-caption-title-font-style:var(--h2_typography-font-style);--awb-caption-title-size:var(--h2_typography-font-size);--awb-caption-title-transform:var(--h2_typography-text-transform);--awb-caption-title-line-height:var(--h2_typography-line-height);--awb-caption-title-letter-spacing:var(--h2_typography-letter-spacing);\"><span class=\" fusion-imageframe imageframe-none imageframe-6 hover-type-none\"><img decoding=\"async\" width=\"295\" height=\"419\" title=\"VI_congreso_mher_cartel\" src=\"https:\/\/www.farmaceuticosdesevilla.es\/congreso\/wp-content\/uploads\/sites\/4\/2022\/03\/VI_congreso_mher_cartel.jpg?_t=1648025882\" alt class=\"img-responsive wp-image-120\" srcset=\"https:\/\/www.farmaceuticosdesevilla.es\/congreso\/wp-content\/uploads\/sites\/4\/2022\/03\/VI_congreso_mher_cartel-200x284.jpg 200w, https:\/\/www.farmaceuticosdesevilla.es\/congreso\/wp-content\/uploads\/sites\/4\/2022\/03\/VI_congreso_mher_cartel.jpg 295w\" sizes=\"(max-width: 640px) 100vw, 295px\" \/><\/span><\/div><\/div><\/div><div class=\"fusion-layout-column fusion_builder_column fusion-builder-column-17 fusion_builder_column_3_5 3_5 fusion-flex-column\" style=\"--awb-bg-size:cover;--awb-width-large:60%;--awb-margin-top-large:0px;--awb-spacing-right-large:3.2%;--awb-margin-bottom-large:20px;--awb-spacing-left-large:3.2%;--awb-width-medium:60%;--awb-order-medium:0;--awb-spacing-right-medium:3.2%;--awb-spacing-left-medium:3.2%;--awb-width-small:100%;--awb-order-small:0;--awb-spacing-right-small:1.92%;--awb-spacing-left-small:1.92%;\"><div class=\"fusion-column-wrapper fusion-column-has-shadow fusion-flex-justify-content-flex-start fusion-content-layout-column\"><div class=\"fusion-title title fusion-title-12 fusion-sep-none fusion-title-text fusion-title-size-four\" style=\"--awb-text-color:var(--awb-color3);--awb-margin-top-small:10px;--awb-margin-right-small:0px;--awb-margin-bottom-small:10px;--awb-margin-left-small:0px;--awb-font-size:30px;\"><h4 class=\"fusion-title-heading title-heading-left fusion-responsive-typography-calculated\" style=\"margin:0;font-size:1em;--fontSize:30;--minFontSize:30;line-height:1.1;\">La Casa Real ratifica su compromiso con la lucha contra las enfermedades raras<\/h4><\/div><div class=\"fusion-text fusion-text-6\" style=\"--awb-text-transform:none;--awb-text-font-family:&quot;Roboto&quot;;--awb-text-font-style:normal;--awb-text-font-weight:400;\"><p>La sexta edici\u00f3n del Congreso Internacional de Medicamentos Hu\u00e9rfanos y Enfermedades Raras, que tuvo lugar entre el 14 y el 16 de febrero, cont\u00f3 con la presencia de Su Alteza Real, la Princesa Do\u00f1a Letizia, que tuvo a bien aceptar la invitaci\u00f3n del comit\u00e9 organizador para conocer de cerca los contenidos tratados en el encuentro y poder departir con pacientes, familiares y expertos.<\/p>\n<p>Aparte de ello, se trataron en las distintas mesas temas de especial inter\u00e9s, tales como la posibilidad de aplicar las investigaciones en enfermedades raras a la pr\u00e1ctica, la aportaci\u00f3n de las sociedades cient\u00edficas a este campo o la integraci\u00f3n social de las personas afectadas por alguna de estas patolog\u00edas. Asimismo, este encuentro tambi\u00e9n sirvi\u00f3 para presentar la I Encuesta Nacional sobre Enfermedades Raras, a realizar desde las oficinas de farmacia de toda Espa\u00f1a a fin de conocer las necesidades socio-sanitarias de los pacientes aquejados por las dolencias de baja prevalencia.<\/p>\n<\/div><div class=\"fusion-text fusion-text-7\"><div class='w3eden'><!-- WPDM Link Template: Default Template -->\r\n\r\n<div class=\"link-template-default card mb-2\">\r\n    <div class=\"card-body\">\r\n        <div class=\"media\">\r\n            <div class=\"mr-3 img-48\"><img decoding=\"async\" class=\"wpdm_icon\" alt=\"Icono\" src=\"https:\/\/www.farmaceuticosdesevilla.es\/congreso\/wp-content\/plugins\/download-manager\/assets\/file-type-icons\/pdf.svg\" \/><\/div>\r\n            <div class=\"media-body\">\r\n                <h3 class=\"package-title\"><a href=\"https:\/\/www.farmaceuticosdesevilla.es\/congreso\/download\/programa-cientifico-vi-congreso\/?wpdmdl=209&refresh=69f3743a77e981777562682\" target=\"_blank\">Programa Cient\u00edfico VI Congreso<\/a><\/h3>\r\n                <div class=\"text-muted text-small\"><i class=\"fas fa-hdd\"><\/i> 434.42 KB<\/div>\r\n            <\/div>\r\n        <\/div>\r\n    <\/div>\r\n<\/div>\r\n\r\n<\/div>\n<\/div><\/div><\/div><\/div><\/div><\/div><div id=\"viicongreso\" class=\"fusion-container-anchor\"><div class=\"fusion-fullwidth fullwidth-box fusion-builder-row-7 fusion-flex-container nonhundred-percent-fullwidth non-hundred-percent-height-scrolling congresos\" style=\"--awb-border-radius-top-left:0px;--awb-border-radius-top-right:0px;--awb-border-radius-bottom-right:0px;--awb-border-radius-bottom-left:0px;--awb-margin-bottom:40px;--awb-flex-wrap:wrap;\" ><div class=\"fusion-builder-row fusion-row fusion-flex-align-items-flex-start fusion-flex-content-wrap\" style=\"max-width:1248px;margin-left: calc(-4% \/ 2 );margin-right: calc(-4% \/ 2 );\"><div class=\"fusion-layout-column fusion_builder_column fusion-builder-column-18 fusion_builder_column_1_1 1_1 fusion-flex-column\" style=\"--awb-bg-size:cover;--awb-width-large:100%;--awb-margin-top-large:0px;--awb-spacing-right-large:1.92%;--awb-margin-bottom-large:20px;--awb-spacing-left-large:1.92%;--awb-width-medium:100%;--awb-order-medium:0;--awb-spacing-right-medium:1.92%;--awb-spacing-left-medium:1.92%;--awb-width-small:100%;--awb-order-small:0;--awb-spacing-right-small:1.92%;--awb-spacing-left-small:1.92%;\"><div class=\"fusion-column-wrapper fusion-column-has-shadow fusion-flex-justify-content-flex-start fusion-content-layout-column\"><div class=\"fusion-title title fusion-title-13 sep-underline sep-solid fusion-title-text fusion-title-size-two\" style=\"--awb-text-color:var(--awb-color1);--awb-margin-bottom:0px;--awb-margin-top-small:10px;--awb-margin-right-small:0px;--awb-margin-bottom-small:10px;--awb-margin-left-small:0px;--awb-sep-color:var(--awb-color1);--awb-font-size:30px;\"><h2 class=\"fusion-title-heading title-heading-left fusion-responsive-typography-calculated\" style=\"margin:0;font-size:1em;--fontSize:30;--minFontSize:30;line-height:1.1;\">VII CONGRESO<\/h2><\/div><\/div><\/div><div class=\"fusion-layout-column fusion_builder_column fusion-builder-column-19 fusion_builder_column_2_5 2_5 fusion-flex-column\" style=\"--awb-bg-size:cover;--awb-width-large:40%;--awb-margin-top-large:0px;--awb-spacing-right-large:4.8%;--awb-margin-bottom-large:20px;--awb-spacing-left-large:4.8%;--awb-width-medium:40%;--awb-order-medium:0;--awb-spacing-right-medium:4.8%;--awb-spacing-left-medium:4.8%;--awb-width-small:100%;--awb-order-small:0;--awb-spacing-right-small:1.92%;--awb-spacing-left-small:1.92%;\"><div class=\"fusion-column-wrapper fusion-column-has-shadow fusion-flex-justify-content-flex-start fusion-content-layout-column\"><div class=\"fusion-image-element \" style=\"text-align:center;--awb-max-width:100%;--awb-caption-title-font-family:var(--h2_typography-font-family);--awb-caption-title-font-weight:var(--h2_typography-font-weight);--awb-caption-title-font-style:var(--h2_typography-font-style);--awb-caption-title-size:var(--h2_typography-font-size);--awb-caption-title-transform:var(--h2_typography-text-transform);--awb-caption-title-line-height:var(--h2_typography-line-height);--awb-caption-title-letter-spacing:var(--h2_typography-letter-spacing);\"><span class=\" fusion-imageframe imageframe-none imageframe-7 hover-type-none\"><img decoding=\"async\" width=\"295\" height=\"417\" title=\"VII-cartel_2015\" src=\"https:\/\/www.farmaceuticosdesevilla.es\/congreso\/wp-content\/uploads\/sites\/4\/2022\/03\/VII-cartel_2015.jpg?_t=1648026000\" alt class=\"img-responsive wp-image-121\" srcset=\"https:\/\/www.farmaceuticosdesevilla.es\/congreso\/wp-content\/uploads\/sites\/4\/2022\/03\/VII-cartel_2015-200x283.jpg 200w, https:\/\/www.farmaceuticosdesevilla.es\/congreso\/wp-content\/uploads\/sites\/4\/2022\/03\/VII-cartel_2015.jpg 295w\" sizes=\"(max-width: 640px) 100vw, 295px\" \/><\/span><\/div><\/div><\/div><div class=\"fusion-layout-column fusion_builder_column fusion-builder-column-20 fusion_builder_column_3_5 3_5 fusion-flex-column\" style=\"--awb-bg-size:cover;--awb-width-large:60%;--awb-margin-top-large:0px;--awb-spacing-right-large:3.2%;--awb-margin-bottom-large:20px;--awb-spacing-left-large:3.2%;--awb-width-medium:60%;--awb-order-medium:0;--awb-spacing-right-medium:3.2%;--awb-spacing-left-medium:3.2%;--awb-width-small:100%;--awb-order-small:0;--awb-spacing-right-small:1.92%;--awb-spacing-left-small:1.92%;\"><div class=\"fusion-column-wrapper fusion-column-has-shadow fusion-flex-justify-content-flex-start fusion-content-layout-column\"><div class=\"fusion-title title fusion-title-14 fusion-sep-none fusion-title-text fusion-title-size-four\" style=\"--awb-text-color:var(--awb-color3);--awb-margin-top-small:10px;--awb-margin-right-small:0px;--awb-margin-bottom-small:10px;--awb-margin-left-small:0px;--awb-font-size:30px;\"><h4 class=\"fusion-title-heading title-heading-left fusion-responsive-typography-calculated\" style=\"margin:0;font-size:1em;--fontSize:30;--minFontSize:30;line-height:1.1;\">Congreso Internacional de Medicamentos Hu\u00e9rfanos y Enfermedades Raras<\/h4><\/div><div class=\"fusion-text fusion-text-8\"><p><div class='w3eden'><!-- WPDM Link Template: Default Template -->\r\n\r\n<div class=\"link-template-default card mb-2\">\r\n    <div class=\"card-body\">\r\n        <div class=\"media\">\r\n            <div class=\"mr-3 img-48\"><img decoding=\"async\" class=\"wpdm_icon\" alt=\"Icono\" src=\"https:\/\/www.farmaceuticosdesevilla.es\/congreso\/wp-content\/plugins\/download-manager\/assets\/file-type-icons\/pdf.svg\" \/><\/div>\r\n            <div class=\"media-body\">\r\n                <h3 class=\"package-title\"><a href=\"https:\/\/www.farmaceuticosdesevilla.es\/congreso\/download\/conclusiones-vii-congreso\/?wpdmdl=134&refresh=69f3743aa0c771777562682\" target=\"_blank\">Conclusiones VII Congreso<\/a><\/h3>\r\n                <div class=\"text-muted text-small\"><i class=\"fas fa-hdd\"><\/i> 65.50 KB<\/div>\r\n            <\/div>\r\n        <\/div>\r\n    <\/div>\r\n<\/div>\r\n\r\n<\/div>\n<div class='w3eden'><!-- WPDM Link Template: Default Template -->\r\n\r\n<div class=\"link-template-default card mb-2\">\r\n    <div class=\"card-body\">\r\n        <div class=\"media\">\r\n            <div class=\"mr-3 img-48\"><img decoding=\"async\" class=\"wpdm_icon\" alt=\"Icono\" src=\"https:\/\/www.farmaceuticosdesevilla.es\/congreso\/wp-content\/plugins\/download-manager\/assets\/file-type-icons\/pdf.svg\" \/><\/div>\r\n            <div class=\"media-body\">\r\n                <h3 class=\"package-title\"><a href=\"https:\/\/www.farmaceuticosdesevilla.es\/congreso\/download\/programa-cientifico-vii-congreso\/?wpdmdl=135&refresh=69f3743aa61931777562682\" target=\"_blank\">Programa Cient\u00edfico VII Congreso<\/a><\/h3>\r\n                <div class=\"text-muted text-small\"><i class=\"fas fa-hdd\"><\/i> 3.02 MB<\/div>\r\n            <\/div>\r\n        <\/div>\r\n    <\/div>\r\n<\/div>\r\n\r\n<\/div>\n<div class='w3eden'><!-- WPDM Link Template: Default Template -->\r\n\r\n<div class=\"link-template-default card mb-2\">\r\n    <div class=\"card-body\">\r\n        <div class=\"media\">\r\n            <div class=\"mr-3 img-48\"><img decoding=\"async\" class=\"wpdm_icon\" alt=\"Icono\" src=\"https:\/\/www.farmaceuticosdesevilla.es\/congreso\/wp-content\/plugins\/download-manager\/assets\/file-type-icons\/pdf.svg\" \/><\/div>\r\n            <div class=\"media-body\">\r\n                <h3 class=\"package-title\"><a href=\"https:\/\/www.farmaceuticosdesevilla.es\/congreso\/download\/resolucion-vii-congreso\/?wpdmdl=136&refresh=69f3743aab5761777562682\" target=\"_blank\">Resoluci\u00f3n VII Congreso<\/a><\/h3>\r\n                <div class=\"text-muted text-small\"><i class=\"fas fa-hdd\"><\/i> 42.11 KB<\/div>\r\n            <\/div>\r\n        <\/div>\r\n    <\/div>\r\n<\/div>\r\n\r\n<\/div><\/p>\n<\/div><div style=\"text-align:left;\"><a class=\"fusion-button button-flat button-xlarge button-default fusion-button-default button-1 fusion-button-default-span \" target=\"_blank\" rel=\"noopener noreferrer\" href=\"http:\/\/videoteca.farmaceuticosdesevilla.es\/?p=2897\"><span class=\"fusion-button-text awb-button__text awb-button__text--default\">Ver v\u00eddeo VII Congreso<\/span><i class=\"fa-play fas awb-button__icon awb-button__icon--default button-icon-right\" aria-hidden=\"true\"><\/i><\/a><\/div><\/div><\/div><\/div><\/div><\/div><div id=\"viiicongreso\" class=\"fusion-container-anchor\"><div class=\"fusion-fullwidth fullwidth-box fusion-builder-row-8 fusion-flex-container nonhundred-percent-fullwidth non-hundred-percent-height-scrolling congresos\" style=\"--awb-border-radius-top-left:0px;--awb-border-radius-top-right:0px;--awb-border-radius-bottom-right:0px;--awb-border-radius-bottom-left:0px;--awb-margin-bottom:40px;--awb-flex-wrap:wrap;\" ><div class=\"fusion-builder-row fusion-row fusion-flex-align-items-flex-start fusion-flex-content-wrap\" style=\"max-width:1248px;margin-left: calc(-4% \/ 2 );margin-right: calc(-4% \/ 2 );\"><div class=\"fusion-layout-column fusion_builder_column fusion-builder-column-21 fusion_builder_column_1_1 1_1 fusion-flex-column\" style=\"--awb-bg-size:cover;--awb-width-large:100%;--awb-margin-top-large:0px;--awb-spacing-right-large:1.92%;--awb-margin-bottom-large:20px;--awb-spacing-left-large:1.92%;--awb-width-medium:100%;--awb-order-medium:0;--awb-spacing-right-medium:1.92%;--awb-spacing-left-medium:1.92%;--awb-width-small:100%;--awb-order-small:0;--awb-spacing-right-small:1.92%;--awb-spacing-left-small:1.92%;\"><div class=\"fusion-column-wrapper fusion-column-has-shadow fusion-flex-justify-content-flex-start fusion-content-layout-column\"><div class=\"fusion-title title fusion-title-15 sep-underline sep-solid fusion-title-text fusion-title-size-two\" style=\"--awb-text-color:var(--awb-color1);--awb-margin-bottom:0px;--awb-margin-top-small:10px;--awb-margin-right-small:0px;--awb-margin-bottom-small:10px;--awb-margin-left-small:0px;--awb-sep-color:var(--awb-color1);--awb-font-size:30px;\"><h2 class=\"fusion-title-heading title-heading-left fusion-responsive-typography-calculated\" style=\"margin:0;font-size:1em;--fontSize:30;--minFontSize:30;line-height:1.1;\">VIII CONGRESO<\/h2><\/div><\/div><\/div><div class=\"fusion-layout-column fusion_builder_column fusion-builder-column-22 fusion_builder_column_2_5 2_5 fusion-flex-column\" style=\"--awb-bg-size:cover;--awb-width-large:40%;--awb-margin-top-large:0px;--awb-spacing-right-large:4.8%;--awb-margin-bottom-large:20px;--awb-spacing-left-large:4.8%;--awb-width-medium:40%;--awb-order-medium:0;--awb-spacing-right-medium:4.8%;--awb-spacing-left-medium:4.8%;--awb-width-small:100%;--awb-order-small:0;--awb-spacing-right-small:1.92%;--awb-spacing-left-small:1.92%;\"><div class=\"fusion-column-wrapper fusion-column-has-shadow fusion-flex-justify-content-flex-start fusion-content-layout-column\"><div class=\"fusion-image-element \" style=\"text-align:center;--awb-max-width:295px;--awb-caption-title-font-family:var(--h2_typography-font-family);--awb-caption-title-font-weight:var(--h2_typography-font-weight);--awb-caption-title-font-style:var(--h2_typography-font-style);--awb-caption-title-size:var(--h2_typography-font-size);--awb-caption-title-transform:var(--h2_typography-text-transform);--awb-caption-title-line-height:var(--h2_typography-line-height);--awb-caption-title-letter-spacing:var(--h2_typography-letter-spacing);\"><span class=\" fusion-imageframe imageframe-none imageframe-8 hover-type-none\"><img decoding=\"async\" width=\"800\" height=\"1327\" title=\"VIII-cartel-8-congreso-eerr_rrss-2-\" src=\"https:\/\/www.farmaceuticosdesevilla.es\/congreso\/wp-content\/uploads\/sites\/4\/2022\/03\/VIII-cartel-8-congreso-eerr_rrss-2-.png?_t=1648026662\" alt class=\"img-responsive wp-image-122\" srcset=\"https:\/\/www.farmaceuticosdesevilla.es\/congreso\/wp-content\/uploads\/sites\/4\/2022\/03\/VIII-cartel-8-congreso-eerr_rrss-2--200x332.png 200w, https:\/\/www.farmaceuticosdesevilla.es\/congreso\/wp-content\/uploads\/sites\/4\/2022\/03\/VIII-cartel-8-congreso-eerr_rrss-2--400x664.png 400w, https:\/\/www.farmaceuticosdesevilla.es\/congreso\/wp-content\/uploads\/sites\/4\/2022\/03\/VIII-cartel-8-congreso-eerr_rrss-2--600x995.png 600w, https:\/\/www.farmaceuticosdesevilla.es\/congreso\/wp-content\/uploads\/sites\/4\/2022\/03\/VIII-cartel-8-congreso-eerr_rrss-2-.png 800w\" sizes=\"(max-width: 640px) 100vw, 600px\" \/><\/span><\/div><\/div><\/div><div class=\"fusion-layout-column fusion_builder_column fusion-builder-column-23 fusion_builder_column_3_5 3_5 fusion-flex-column\" style=\"--awb-bg-size:cover;--awb-width-large:60%;--awb-margin-top-large:0px;--awb-spacing-right-large:3.2%;--awb-margin-bottom-large:20px;--awb-spacing-left-large:3.2%;--awb-width-medium:60%;--awb-order-medium:0;--awb-spacing-right-medium:3.2%;--awb-spacing-left-medium:3.2%;--awb-width-small:100%;--awb-order-small:0;--awb-spacing-right-small:1.92%;--awb-spacing-left-small:1.92%;\"><div class=\"fusion-column-wrapper fusion-column-has-shadow fusion-flex-justify-content-flex-start fusion-content-layout-column\"><div class=\"fusion-title title fusion-title-16 fusion-sep-none fusion-title-text fusion-title-size-four\" style=\"--awb-text-color:var(--awb-color3);--awb-margin-top-small:10px;--awb-margin-right-small:0px;--awb-margin-bottom-small:10px;--awb-margin-left-small:0px;--awb-font-size:30px;\"><h4 class=\"fusion-title-heading title-heading-left fusion-responsive-typography-calculated\" style=\"margin:0;font-size:1em;--fontSize:30;--minFontSize:30;line-height:1.1;\">Enfermedades raras, un compromiso en red<\/h4><\/div><div class=\"fusion-text fusion-text-9\"><p><div class='w3eden'><!-- WPDM Link Template: Default Template -->\r\n\r\n<div class=\"link-template-default card mb-2\">\r\n    <div class=\"card-body\">\r\n        <div class=\"media\">\r\n            <div class=\"mr-3 img-48\"><img decoding=\"async\" class=\"wpdm_icon\" alt=\"Icono\" src=\"https:\/\/www.farmaceuticosdesevilla.es\/congreso\/wp-content\/plugins\/download-manager\/assets\/file-type-icons\/pdf.svg\" \/><\/div>\r\n            <div class=\"media-body\">\r\n                <h3 class=\"package-title\"><a href=\"https:\/\/www.farmaceuticosdesevilla.es\/congreso\/download\/conclusiones-viii-congreso\/?wpdmdl=139&refresh=69f3743ad7a221777562682\" target=\"_blank\">Conclusiones VIII Congreso<\/a><\/h3>\r\n                <div class=\"text-muted text-small\"><i class=\"fas fa-hdd\"><\/i> 42.11 KB<\/div>\r\n            <\/div>\r\n        <\/div>\r\n    <\/div>\r\n<\/div>\r\n\r\n<\/div>\n<div class='w3eden'><!-- WPDM Link Template: Default Template -->\r\n\r\n<div class=\"link-template-default card mb-2\">\r\n    <div class=\"card-body\">\r\n        <div class=\"media\">\r\n            <div class=\"mr-3 img-48\"><img decoding=\"async\" class=\"wpdm_icon\" alt=\"Icono\" src=\"https:\/\/www.farmaceuticosdesevilla.es\/congreso\/wp-content\/plugins\/download-manager\/assets\/file-type-icons\/pdf.svg\" \/><\/div>\r\n            <div class=\"media-body\">\r\n                <h3 class=\"package-title\"><a href=\"https:\/\/www.farmaceuticosdesevilla.es\/congreso\/download\/programa-cientifico-viii-congreso\/?wpdmdl=140&refresh=69f3743add0011777562682\" target=\"_blank\">Programa Cient\u00edfico VIII Congreso<\/a><\/h3>\r\n                <div class=\"text-muted text-small\"><i class=\"fas fa-hdd\"><\/i> 1.70 MB<\/div>\r\n            <\/div>\r\n        <\/div>\r\n    <\/div>\r\n<\/div>\r\n\r\n<\/div><\/p>\n<\/div><div style=\"text-align:left;\"><a class=\"fusion-button button-flat button-xlarge button-default fusion-button-default button-2 fusion-button-default-span \" target=\"_blank\" rel=\"noopener noreferrer\" href=\"http:\/\/videoteca.farmaceuticosdesevilla.es\/?cat=14\"><span class=\"fusion-button-text awb-button__text awb-button__text--default\">Ver v\u00eddeos VIII Congreso<\/span><i class=\"fa-play fas awb-button__icon awb-button__icon--default button-icon-right\" aria-hidden=\"true\"><\/i><\/a><\/div><\/div><\/div><\/div><\/div><\/div><div id=\"ixcongreso\" class=\"fusion-container-anchor\"><div class=\"fusion-fullwidth fullwidth-box fusion-builder-row-9 fusion-flex-container nonhundred-percent-fullwidth non-hundred-percent-height-scrolling congresos\" style=\"--awb-border-radius-top-left:0px;--awb-border-radius-top-right:0px;--awb-border-radius-bottom-right:0px;--awb-border-radius-bottom-left:0px;--awb-margin-bottom:40px;--awb-flex-wrap:wrap;\" ><div class=\"fusion-builder-row fusion-row fusion-flex-align-items-flex-start fusion-flex-content-wrap\" style=\"max-width:1248px;margin-left: calc(-4% \/ 2 );margin-right: calc(-4% \/ 2 );\"><div class=\"fusion-layout-column fusion_builder_column fusion-builder-column-24 fusion_builder_column_1_1 1_1 fusion-flex-column\" style=\"--awb-bg-size:cover;--awb-width-large:100%;--awb-margin-top-large:0px;--awb-spacing-right-large:1.92%;--awb-margin-bottom-large:20px;--awb-spacing-left-large:1.92%;--awb-width-medium:100%;--awb-order-medium:0;--awb-spacing-right-medium:1.92%;--awb-spacing-left-medium:1.92%;--awb-width-small:100%;--awb-order-small:0;--awb-spacing-right-small:1.92%;--awb-spacing-left-small:1.92%;\"><div class=\"fusion-column-wrapper fusion-column-has-shadow fusion-flex-justify-content-flex-start fusion-content-layout-column\"><div class=\"fusion-title title fusion-title-17 sep-underline sep-solid fusion-title-text fusion-title-size-two\" style=\"--awb-text-color:var(--awb-color1);--awb-margin-bottom:0px;--awb-margin-top-small:10px;--awb-margin-right-small:0px;--awb-margin-bottom-small:10px;--awb-margin-left-small:0px;--awb-sep-color:var(--awb-color1);--awb-font-size:30px;\"><h2 class=\"fusion-title-heading title-heading-left fusion-responsive-typography-calculated\" style=\"margin:0;font-size:1em;--fontSize:30;--minFontSize:30;line-height:1.1;\">IX CONGRESO<\/h2><\/div><\/div><\/div><div class=\"fusion-layout-column fusion_builder_column fusion-builder-column-25 fusion_builder_column_2_5 2_5 fusion-flex-column\" style=\"--awb-bg-size:cover;--awb-width-large:40%;--awb-margin-top-large:0px;--awb-spacing-right-large:4.8%;--awb-margin-bottom-large:20px;--awb-spacing-left-large:4.8%;--awb-width-medium:40%;--awb-order-medium:0;--awb-spacing-right-medium:4.8%;--awb-spacing-left-medium:4.8%;--awb-width-small:100%;--awb-order-small:0;--awb-spacing-right-small:1.92%;--awb-spacing-left-small:1.92%;\"><div class=\"fusion-column-wrapper fusion-column-has-shadow fusion-flex-justify-content-flex-start fusion-content-layout-column\"><div class=\"fusion-image-element \" style=\"text-align:center;--awb-max-width:295px;--awb-caption-title-font-family:var(--h2_typography-font-family);--awb-caption-title-font-weight:var(--h2_typography-font-weight);--awb-caption-title-font-style:var(--h2_typography-font-style);--awb-caption-title-size:var(--h2_typography-font-size);--awb-caption-title-transform:var(--h2_typography-text-transform);--awb-caption-title-line-height:var(--h2_typography-line-height);--awb-caption-title-letter-spacing:var(--h2_typography-letter-spacing);\"><span class=\" fusion-imageframe imageframe-none imageframe-9 hover-type-none\"><img decoding=\"async\" width=\"793\" height=\"1123\" title=\"IX CIMHER\" src=\"https:\/\/www.farmaceuticosdesevilla.es\/congreso\/wp-content\/uploads\/sites\/4\/2022\/03\/IX-CIMHER.png?_t=1648027008\" alt class=\"img-responsive wp-image-141\" srcset=\"https:\/\/www.farmaceuticosdesevilla.es\/congreso\/wp-content\/uploads\/sites\/4\/2022\/03\/IX-CIMHER-200x283.png 200w, https:\/\/www.farmaceuticosdesevilla.es\/congreso\/wp-content\/uploads\/sites\/4\/2022\/03\/IX-CIMHER-400x566.png 400w, https:\/\/www.farmaceuticosdesevilla.es\/congreso\/wp-content\/uploads\/sites\/4\/2022\/03\/IX-CIMHER-600x850.png 600w, https:\/\/www.farmaceuticosdesevilla.es\/congreso\/wp-content\/uploads\/sites\/4\/2022\/03\/IX-CIMHER.png 793w\" sizes=\"(max-width: 640px) 100vw, 600px\" \/><\/span><\/div><\/div><\/div><div class=\"fusion-layout-column fusion_builder_column fusion-builder-column-26 fusion_builder_column_3_5 3_5 fusion-flex-column\" style=\"--awb-bg-size:cover;--awb-width-large:60%;--awb-margin-top-large:0px;--awb-spacing-right-large:3.2%;--awb-margin-bottom-large:20px;--awb-spacing-left-large:3.2%;--awb-width-medium:60%;--awb-order-medium:0;--awb-spacing-right-medium:3.2%;--awb-spacing-left-medium:3.2%;--awb-width-small:100%;--awb-order-small:0;--awb-spacing-right-small:1.92%;--awb-spacing-left-small:1.92%;\"><div class=\"fusion-column-wrapper fusion-column-has-shadow fusion-flex-justify-content-flex-start fusion-content-layout-column\"><div class=\"fusion-title title fusion-title-18 fusion-sep-none fusion-title-text fusion-title-size-four\" style=\"--awb-text-color:var(--awb-color3);--awb-margin-top-small:10px;--awb-margin-right-small:0px;--awb-margin-bottom-small:10px;--awb-margin-left-small:0px;--awb-font-size:30px;\"><h4 class=\"fusion-title-heading title-heading-left fusion-responsive-typography-calculated\" style=\"margin:0;font-size:1em;--fontSize:30;--minFontSize:30;line-height:1.1;\">Las enfermedades raras, un desaf\u00edo global<\/h4><\/div><div class=\"fusion-text fusion-text-10\"><p><div class='w3eden'><!-- WPDM Link Template: Default Template -->\r\n\r\n<div class=\"link-template-default card mb-2\">\r\n    <div class=\"card-body\">\r\n        <div class=\"media\">\r\n            <div class=\"mr-3 img-48\"><img decoding=\"async\" class=\"wpdm_icon\" alt=\"Icono\" src=\"https:\/\/www.farmaceuticosdesevilla.es\/congreso\/wp-content\/plugins\/download-manager\/assets\/file-type-icons\/pdf.svg\" \/><\/div>\r\n            <div class=\"media-body\">\r\n                <h3 class=\"package-title\"><a href=\"https:\/\/www.farmaceuticosdesevilla.es\/congreso\/download\/conclusiones-ix-congreso\/?wpdmdl=144&refresh=69f3743b1583d1777562683\" target=\"_blank\">Conclusiones IX Congreso<\/a><\/h3>\r\n                <div class=\"text-muted text-small\"><i class=\"fas fa-hdd\"><\/i> 213.11 KB<\/div>\r\n            <\/div>\r\n        <\/div>\r\n    <\/div>\r\n<\/div>\r\n\r\n<\/div>\n<div class='w3eden'><!-- WPDM Link Template: Default Template -->\r\n\r\n<div class=\"link-template-default card mb-2\">\r\n    <div class=\"card-body\">\r\n        <div class=\"media\">\r\n            <div class=\"mr-3 img-48\"><img decoding=\"async\" class=\"wpdm_icon\" alt=\"Icono\" src=\"https:\/\/www.farmaceuticosdesevilla.es\/congreso\/wp-content\/plugins\/download-manager\/assets\/file-type-icons\/pdf.svg\" \/><\/div>\r\n            <div class=\"media-body\">\r\n                <h3 class=\"package-title\"><a href=\"https:\/\/www.farmaceuticosdesevilla.es\/congreso\/download\/programa-cientifico-ix-congreso\/?wpdmdl=143&refresh=69f3743b1ad951777562683\" target=\"_blank\">Programa Cient\u00edfico IX Congreso<\/a><\/h3>\r\n                <div class=\"text-muted text-small\"><i class=\"fas fa-hdd\"><\/i> 2.97 MB<\/div>\r\n            <\/div>\r\n        <\/div>\r\n    <\/div>\r\n<\/div>\r\n\r\n<\/div><\/p>\n<\/div><div style=\"text-align:left;\"><a class=\"fusion-button button-flat button-xlarge button-default fusion-button-default button-3 fusion-button-default-span \" target=\"_blank\" rel=\"noopener noreferrer\" href=\"https:\/\/www.youtube.com\/playlist?list=PLV35ynGT-tkNJ72YIbFsNp6KbfxZLDiVy\"><span class=\"fusion-button-text awb-button__text awb-button__text--default\">Ver v\u00eddeos IX Congreso<\/span><i class=\"fa-play fas awb-button__icon awb-button__icon--default button-icon-right\" aria-hidden=\"true\"><\/i><\/a><\/div><\/div><\/div><\/div><\/div><\/div><div id=\"xcongreso\" class=\"fusion-container-anchor\"><div class=\"fusion-fullwidth fullwidth-box fusion-builder-row-10 fusion-flex-container nonhundred-percent-fullwidth non-hundred-percent-height-scrolling congresos\" style=\"--awb-border-radius-top-left:0px;--awb-border-radius-top-right:0px;--awb-border-radius-bottom-right:0px;--awb-border-radius-bottom-left:0px;--awb-margin-bottom:40px;--awb-flex-wrap:wrap;\" ><div class=\"fusion-builder-row fusion-row fusion-flex-align-items-flex-start fusion-flex-content-wrap\" style=\"max-width:1248px;margin-left: calc(-4% \/ 2 );margin-right: calc(-4% \/ 2 );\"><div class=\"fusion-layout-column fusion_builder_column fusion-builder-column-27 fusion_builder_column_1_1 1_1 fusion-flex-column\" style=\"--awb-bg-size:cover;--awb-width-large:100%;--awb-margin-top-large:0px;--awb-spacing-right-large:1.92%;--awb-margin-bottom-large:20px;--awb-spacing-left-large:1.92%;--awb-width-medium:100%;--awb-order-medium:0;--awb-spacing-right-medium:1.92%;--awb-spacing-left-medium:1.92%;--awb-width-small:100%;--awb-order-small:0;--awb-spacing-right-small:1.92%;--awb-spacing-left-small:1.92%;\"><div class=\"fusion-column-wrapper fusion-column-has-shadow fusion-flex-justify-content-flex-start fusion-content-layout-column\"><div class=\"fusion-title title fusion-title-19 sep-underline sep-solid fusion-title-text fusion-title-size-two\" style=\"--awb-text-color:var(--awb-color1);--awb-margin-bottom:0px;--awb-margin-top-small:10px;--awb-margin-right-small:0px;--awb-margin-bottom-small:10px;--awb-margin-left-small:0px;--awb-sep-color:var(--awb-color1);--awb-font-size:30px;\"><h2 class=\"fusion-title-heading title-heading-left fusion-responsive-typography-calculated\" style=\"margin:0;font-size:1em;--fontSize:30;--minFontSize:30;line-height:1.1;\">X CONGRESO<\/h2><\/div><\/div><\/div><div class=\"fusion-layout-column fusion_builder_column fusion-builder-column-28 fusion_builder_column_2_5 2_5 fusion-flex-column\" style=\"--awb-bg-size:cover;--awb-width-large:40%;--awb-margin-top-large:0px;--awb-spacing-right-large:4.8%;--awb-margin-bottom-large:20px;--awb-spacing-left-large:4.8%;--awb-width-medium:40%;--awb-order-medium:0;--awb-spacing-right-medium:4.8%;--awb-spacing-left-medium:4.8%;--awb-width-small:100%;--awb-order-small:0;--awb-spacing-right-small:1.92%;--awb-spacing-left-small:1.92%;\"><div class=\"fusion-column-wrapper fusion-column-has-shadow fusion-flex-justify-content-flex-start fusion-content-layout-column\"><div class=\"fusion-image-element \" style=\"text-align:center;--awb-max-width:295px;--awb-caption-title-font-family:var(--h2_typography-font-family);--awb-caption-title-font-weight:var(--h2_typography-font-weight);--awb-caption-title-font-style:var(--h2_typography-font-style);--awb-caption-title-size:var(--h2_typography-font-size);--awb-caption-title-transform:var(--h2_typography-text-transform);--awb-caption-title-line-height:var(--h2_typography-line-height);--awb-caption-title-letter-spacing:var(--h2_typography-letter-spacing);\"><span class=\" fusion-imageframe imageframe-none imageframe-10 hover-type-none\"><img decoding=\"async\" width=\"461\" height=\"669\" title=\"CONGRESOMHER_2022\" src=\"https:\/\/www.farmaceuticosdesevilla.es\/congreso\/wp-content\/uploads\/sites\/4\/2022\/06\/CONGRESOMHER_2022.jpg?_t=1656343427\" alt class=\"img-responsive wp-image-453\" srcset=\"https:\/\/www.farmaceuticosdesevilla.es\/congreso\/wp-content\/uploads\/sites\/4\/2022\/06\/CONGRESOMHER_2022-200x290.jpg 200w, https:\/\/www.farmaceuticosdesevilla.es\/congreso\/wp-content\/uploads\/sites\/4\/2022\/06\/CONGRESOMHER_2022-400x580.jpg 400w, https:\/\/www.farmaceuticosdesevilla.es\/congreso\/wp-content\/uploads\/sites\/4\/2022\/06\/CONGRESOMHER_2022.jpg 461w\" sizes=\"(max-width: 640px) 100vw, 461px\" \/><\/span><\/div><\/div><\/div><div class=\"fusion-layout-column fusion_builder_column fusion-builder-column-29 fusion_builder_column_3_5 3_5 fusion-flex-column\" style=\"--awb-bg-size:cover;--awb-width-large:60%;--awb-margin-top-large:0px;--awb-spacing-right-large:3.2%;--awb-margin-bottom-large:20px;--awb-spacing-left-large:3.2%;--awb-width-medium:60%;--awb-order-medium:0;--awb-spacing-right-medium:3.2%;--awb-spacing-left-medium:3.2%;--awb-width-small:100%;--awb-order-small:0;--awb-spacing-right-small:1.92%;--awb-spacing-left-small:1.92%;\"><div class=\"fusion-column-wrapper fusion-column-has-shadow fusion-flex-justify-content-flex-start fusion-content-layout-column\"><div class=\"fusion-title title fusion-title-20 fusion-sep-none fusion-title-text fusion-title-size-four\" style=\"--awb-text-color:var(--awb-color3);--awb-margin-top-small:10px;--awb-margin-right-small:0px;--awb-margin-bottom-small:10px;--awb-margin-left-small:0px;--awb-font-size:30px;\"><h4 class=\"fusion-title-heading title-heading-left fusion-responsive-typography-calculated\" style=\"margin:0;font-size:1em;--fontSize:30;--minFontSize:30;line-height:1.1;\">Hacia un 2030 lleno de esperanza<\/h4><\/div><div class=\"fusion-text fusion-text-11\"><p><div class='w3eden'><!-- WPDM Link Template: Default Template -->\r\n\r\n<div class=\"link-template-default card mb-2\">\r\n    <div class=\"card-body\">\r\n        <div class=\"media\">\r\n            <div class=\"mr-3 img-48\"><img decoding=\"async\" class=\"wpdm_icon\" alt=\"Icono\" src=\"https:\/\/www.farmaceuticosdesevilla.es\/congreso\/wp-content\/plugins\/download-manager\/assets\/file-type-icons\/pdf.svg\" \/><\/div>\r\n            <div class=\"media-body\">\r\n                <h3 class=\"package-title\"><a href=\"https:\/\/www.farmaceuticosdesevilla.es\/congreso\/download\/conclusiones-del-x-congreso-mher\/?wpdmdl=419&amp;refresh=69f3743b443c61777562683\" target=\"_blank\">Conclusiones del X Congreso MHER<\/a><\/h3>\r\n                <div class=\"text-muted text-small\"><i class=\"fas fa-hdd\"><\/i> 309.28 KB<\/div>\r\n            <\/div>\r\n        <\/div>\r\n    <\/div>\r\n<\/div>\r\n\r\n<\/div>\n<div class='w3eden'><!-- WPDM Link Template: Default Template -->\r\n\r\n<div class=\"link-template-default card mb-2\">\r\n    <div class=\"card-body\">\r\n        <div class=\"media\">\r\n            <div class=\"mr-3 img-48\"><img decoding=\"async\" class=\"wpdm_icon\" alt=\"Icono\" src=\"https:\/\/www.farmaceuticosdesevilla.es\/congreso\/wp-content\/plugins\/download-manager\/assets\/file-type-icons\/pdf.svg\" \/><\/div>\r\n            <div class=\"media-body\">\r\n                <h3 class=\"package-title\"><a href=\"https:\/\/www.farmaceuticosdesevilla.es\/congreso\/download\/programa-cientifico-x-congreso\/?wpdmdl=10&amp;refresh=69f3743b4991b1777562683\" target=\"_blank\">Programa Cient\u00edfico X Congreso<\/a><\/h3>\r\n                <div class=\"text-muted text-small\"><i class=\"fas fa-hdd\"><\/i> 125.99 KB<\/div>\r\n            <\/div>\r\n        <\/div>\r\n    <\/div>\r\n<\/div>\r\n\r\n<\/div><\/p>\n<\/div><div style=\"text-align:left;\"><a class=\"fusion-button button-flat button-xlarge button-default fusion-button-default button-4 fusion-button-default-span \" target=\"_blank\" rel=\"noopener noreferrer\" href=\"https:\/\/youtube.com\/playlist?list=PLV35ynGT-tkNfubBLjtvA3VAdteUtWNNQ\"><span class=\"fusion-button-text awb-button__text awb-button__text--default\">Ver v\u00eddeos X Congreso<\/span><i class=\"fa-play fas awb-button__icon awb-button__icon--default button-icon-right\" aria-hidden=\"true\"><\/i><\/a><\/div><\/div><\/div><\/div><\/div><\/div><\/p>\n","protected":false},"excerpt":{"rendered":"","protected":false},"author":45,"featured_media":0,"parent":0,"menu_order":0,"comment_status":"closed","ping_status":"closed","template":"","meta":{"footnotes":""},"class_list":["post-114","page","type-page","status-publish","hentry"],"_links":{"self":[{"href":"https:\/\/www.farmaceuticosdesevilla.es\/congreso\/wp-json\/wp\/v2\/pages\/114","targetHints":{"allow":["GET"]}}],"collection":[{"href":"https:\/\/www.farmaceuticosdesevilla.es\/congreso\/wp-json\/wp\/v2\/pages"}],"about":[{"href":"https:\/\/www.farmaceuticosdesevilla.es\/congreso\/wp-json\/wp\/v2\/types\/page"}],"author":[{"embeddable":true,"href":"https:\/\/www.farmaceuticosdesevilla.es\/congreso\/wp-json\/wp\/v2\/users\/45"}],"replies":[{"embeddable":true,"href":"https:\/\/www.farmaceuticosdesevilla.es\/congreso\/wp-json\/wp\/v2\/comments?post=114"}],"version-history":[{"count":5,"href":"https:\/\/www.farmaceuticosdesevilla.es\/congreso\/wp-json\/wp\/v2\/pages\/114\/revisions"}],"predecessor-version":[{"id":458,"href":"https:\/\/www.farmaceuticosdesevilla.es\/congreso\/wp-json\/wp\/v2\/pages\/114\/revisions\/458"}],"wp:attachment":[{"href":"https:\/\/www.farmaceuticosdesevilla.es\/congreso\/wp-json\/wp\/v2\/media?parent=114"}],"curies":[{"name":"wp","href":"https:\/\/api.w.org\/{rel}","templated":true}]}}